{"id":268,"date":"2022-06-01T16:41:33","date_gmt":"2022-06-01T19:41:33","guid":{"rendered":"http:\/\/localhost\/abela-cosmetic\/?page_id=268"},"modified":"2023-02-09T14:53:41","modified_gmt":"2023-02-09T17:53:41","slug":"curly-trends","status":"publish","type":"page","link":"https:\/\/artigos.abelacosmetics.com\/en\/curly-trends\/","title":{"rendered":"Curly Trends"},"content":{"rendered":"<p style=\"text-align: center;\">Como s\u00e3o bonitas as nossas curvas, n\u00e9?! E uma das decis\u00f5es mais empoderadas e gratificantes \u00e9 poder agradecer e abra\u00e7ar seu cabelo natural.<\/p>\n<p style=\"text-align: center;\"> <span style=\"color: #c00f6b;\">Amamos voc\u00ea e seus cachos<\/span> e queremos que voc\u00ea fa\u00e7a o mesmo com a<span style=\"color: #c00f6b;\"> Curly Trends<\/span>: um espa\u00e7o criado para termos acesso \u00e0 informa\u00e7\u00f5es sobre todos os assuntos que sejam importantes \u00e0 sa\u00fade e beleza feminina.<\/p>\n<p style=\"text-align: center;\"><span style=\"color: #c00f6b;\">Quando quiser, volte sempre para novidades sobre seus cabelos e sua vida!<\/span><\/p>","protected":false},"excerpt":{"rendered":"<p>Como s\u00e3o bonitas as nossas curvas, n\u00e9?! E uma das decis\u00f5es mais empoderadas e gratificantes \u00e9 poder agradecer e abra\u00e7ar seu cabelo natural. Amamos voc\u00ea e seus cachos e queremos que voc\u00ea fa\u00e7a o mesmo com a Curly Trends: um espa\u00e7o criado para termos acesso \u00e0 informa\u00e7\u00f5es sobre todos os assuntos que sejam importantes \u00e0 [&hellip;]<\/p>","protected":false},"author":1,"featured_media":624,"parent":0,"menu_order":4,"comment_status":"closed","ping_status":"closed","template":"blog.php","meta":{"_acf_changed":false,"_mo_disable_npp":"","inline_featured_image":false,"footnotes":""},"class_list":["post-268","page","type-page","status-publish","has-post-thumbnail","hentry"],"acf":[],"yoast_head":"<!-- This site is optimized with the Yoast SEO Premium plugin v19.2.1 (Yoast SEO v26.9) - https:\/\/yoast.com\/product\/yoast-seo-premium-wordpress\/ -->\n<title>Curly Trends - Abela Cosmetics<\/title>\n<meta name=\"description\" content=\"Conhe\u00e7a o espa\u00e7o que a Abela criou para o p\u00fablico feminino. Informa\u00e7\u00f5es sobre seus cabelos, sua sa\u00fade e sua felicidade!\" \/>\n<meta name=\"robots\" content=\"index, follow, max-snippet:-1, max-image-preview:large, max-video-preview:-1\" \/>\n<link rel=\"canonical\" href=\"https:\/\/artigos.abelacosmetics.com\/en\/curly-trends\/\" \/>\n<meta property=\"og:locale\" content=\"en_US\" \/>\n<meta property=\"og:type\" content=\"article\" \/>\n<meta property=\"og:title\" content=\"Curly Trends\" \/>\n<meta property=\"og:description\" content=\"Conhe\u00e7a o espa\u00e7o que a Abela criou para o p\u00fablico feminino. Informa\u00e7\u00f5es sobre seus cabelos, sua sa\u00fade e sua felicidade!\" \/>\n<meta property=\"og:url\" content=\"https:\/\/artigos.abelacosmetics.com\/en\/curly-trends\/\" \/>\n<meta property=\"og:site_name\" content=\"Abela Cosmetics\" \/>\n<meta property=\"article:publisher\" content=\"https:\/\/www.facebook.com\/abelacosmetics\" \/>\n<meta property=\"article:modified_time\" content=\"2023-02-09T17:53:41+00:00\" \/>\n<meta property=\"og:image\" content=\"https:\/\/artigos.abelacosmetics.com\/wp-content\/uploads\/2022\/06\/banner-blog.jpg\" \/>\n\t<meta property=\"og:image:width\" content=\"1326\" \/>\n\t<meta property=\"og:image:height\" content=\"103\" \/>\n\t<meta property=\"og:image:type\" content=\"image\/jpeg\" \/>\n<meta name=\"twitter:card\" content=\"summary_large_image\" \/>\n<meta name=\"twitter:label1\" content=\"Est. reading time\" \/>\n\t<meta name=\"twitter:data1\" content=\"1 minute\" \/>\n<script type=\"application\/ld+json\" class=\"yoast-schema-graph\">{\"@context\":\"https:\/\/schema.org\",\"@graph\":[{\"@type\":\"WebPage\",\"@id\":\"https:\/\/artigos.abelacosmetics.com\/curly-trends\/\",\"url\":\"https:\/\/artigos.abelacosmetics.com\/curly-trends\/\",\"name\":\"Curly Trends - Abela Cosmetics\",\"isPartOf\":{\"@id\":\"https:\/\/artigos.abelacosmetics.com\/#website\"},\"primaryImageOfPage\":{\"@id\":\"https:\/\/artigos.abelacosmetics.com\/curly-trends\/#primaryimage\"},\"image\":{\"@id\":\"https:\/\/artigos.abelacosmetics.com\/curly-trends\/#primaryimage\"},\"thumbnailUrl\":\"https:\/\/artigos.abelacosmetics.com\/wp-content\/uploads\/2022\/06\/banner-blog.jpg\",\"datePublished\":\"2022-06-01T19:41:33+00:00\",\"dateModified\":\"2023-02-09T17:53:41+00:00\",\"description\":\"Conhe\u00e7a o espa\u00e7o que a Abela criou para o p\u00fablico feminino. Informa\u00e7\u00f5es sobre seus cabelos, sua sa\u00fade e sua felicidade!\",\"breadcrumb\":{\"@id\":\"https:\/\/artigos.abelacosmetics.com\/curly-trends\/#breadcrumb\"},\"inLanguage\":\"en-US\",\"potentialAction\":[{\"@type\":\"ReadAction\",\"target\":[\"https:\/\/artigos.abelacosmetics.com\/curly-trends\/\"]}]},{\"@type\":\"ImageObject\",\"inLanguage\":\"en-US\",\"@id\":\"https:\/\/artigos.abelacosmetics.com\/curly-trends\/#primaryimage\",\"url\":\"https:\/\/artigos.abelacosmetics.com\/wp-content\/uploads\/2022\/06\/banner-blog.jpg\",\"contentUrl\":\"https:\/\/artigos.abelacosmetics.com\/wp-content\/uploads\/2022\/06\/banner-blog.jpg\",\"width\":1326,\"height\":103},{\"@type\":\"BreadcrumbList\",\"@id\":\"https:\/\/artigos.abelacosmetics.com\/curly-trends\/#breadcrumb\",\"itemListElement\":[{\"@type\":\"ListItem\",\"position\":1,\"name\":\"In\u00edcio\",\"item\":\"https:\/\/artigos.abelacosmetics.com\/\"},{\"@type\":\"ListItem\",\"position\":2,\"name\":\"Curly Trends\"}]},{\"@type\":\"WebSite\",\"@id\":\"https:\/\/artigos.abelacosmetics.com\/#website\",\"url\":\"https:\/\/artigos.abelacosmetics.com\/\",\"name\":\"Abela Cosmetics\",\"description\":\"Cuidados para Cabelos \u00danicos\",\"publisher\":{\"@id\":\"https:\/\/artigos.abelacosmetics.com\/#organization\"},\"potentialAction\":[{\"@type\":\"SearchAction\",\"target\":{\"@type\":\"EntryPoint\",\"urlTemplate\":\"https:\/\/artigos.abelacosmetics.com\/?s={search_term_string}\"},\"query-input\":{\"@type\":\"PropertyValueSpecification\",\"valueRequired\":true,\"valueName\":\"search_term_string\"}}],\"inLanguage\":\"en-US\"},{\"@type\":\"Organization\",\"@id\":\"https:\/\/artigos.abelacosmetics.com\/#organization\",\"name\":\"Abela Cosmetics\",\"url\":\"https:\/\/artigos.abelacosmetics.com\/\",\"logo\":{\"@type\":\"ImageObject\",\"inLanguage\":\"en-US\",\"@id\":\"https:\/\/artigos.abelacosmetics.com\/#\/schema\/logo\/image\/\",\"url\":\"https:\/\/artigos.abelacosmetics.com\/wp-content\/uploads\/2023\/02\/logo-abela.png\",\"contentUrl\":\"https:\/\/artigos.abelacosmetics.com\/wp-content\/uploads\/2023\/02\/logo-abela.png\",\"width\":183,\"height\":90,\"caption\":\"Abela Cosmetics\"},\"image\":{\"@id\":\"https:\/\/artigos.abelacosmetics.com\/#\/schema\/logo\/image\/\"},\"sameAs\":[\"https:\/\/www.facebook.com\/abelacosmetics\"]}]}<\/script>\n<!-- \/ Yoast SEO Premium plugin. -->","yoast_head_json":{"title":"Curly Trends - Abela Cosmetics","description":"Conhe\u00e7a o espa\u00e7o que a Abela criou para o p\u00fablico feminino. Informa\u00e7\u00f5es sobre seus cabelos, sua sa\u00fade e sua felicidade!","robots":{"index":"index","follow":"follow","max-snippet":"max-snippet:-1","max-image-preview":"max-image-preview:large","max-video-preview":"max-video-preview:-1"},"canonical":"https:\/\/artigos.abelacosmetics.com\/en\/curly-trends\/","og_locale":"en_US","og_type":"article","og_title":"Curly Trends","og_description":"Conhe\u00e7a o espa\u00e7o que a Abela criou para o p\u00fablico feminino. Informa\u00e7\u00f5es sobre seus cabelos, sua sa\u00fade e sua felicidade!","og_url":"https:\/\/artigos.abelacosmetics.com\/en\/curly-trends\/","og_site_name":"Abela Cosmetics","article_publisher":"https:\/\/www.facebook.com\/abelacosmetics","article_modified_time":"2023-02-09T17:53:41+00:00","og_image":[{"width":1326,"height":103,"url":"https:\/\/artigos.abelacosmetics.com\/wp-content\/uploads\/2022\/06\/banner-blog.jpg","type":"image\/jpeg"}],"twitter_card":"summary_large_image","twitter_misc":{"Est. reading time":"1 minute"},"schema":{"@context":"https:\/\/schema.org","@graph":[{"@type":"WebPage","@id":"https:\/\/artigos.abelacosmetics.com\/curly-trends\/","url":"https:\/\/artigos.abelacosmetics.com\/curly-trends\/","name":"Curly Trends - Abela Cosmetics","isPartOf":{"@id":"https:\/\/artigos.abelacosmetics.com\/#website"},"primaryImageOfPage":{"@id":"https:\/\/artigos.abelacosmetics.com\/curly-trends\/#primaryimage"},"image":{"@id":"https:\/\/artigos.abelacosmetics.com\/curly-trends\/#primaryimage"},"thumbnailUrl":"https:\/\/artigos.abelacosmetics.com\/wp-content\/uploads\/2022\/06\/banner-blog.jpg","datePublished":"2022-06-01T19:41:33+00:00","dateModified":"2023-02-09T17:53:41+00:00","description":"Conhe\u00e7a o espa\u00e7o que a Abela criou para o p\u00fablico feminino. Informa\u00e7\u00f5es sobre seus cabelos, sua sa\u00fade e sua felicidade!","breadcrumb":{"@id":"https:\/\/artigos.abelacosmetics.com\/curly-trends\/#breadcrumb"},"inLanguage":"en-US","potentialAction":[{"@type":"ReadAction","target":["https:\/\/artigos.abelacosmetics.com\/curly-trends\/"]}]},{"@type":"ImageObject","inLanguage":"en-US","@id":"https:\/\/artigos.abelacosmetics.com\/curly-trends\/#primaryimage","url":"https:\/\/artigos.abelacosmetics.com\/wp-content\/uploads\/2022\/06\/banner-blog.jpg","contentUrl":"https:\/\/artigos.abelacosmetics.com\/wp-content\/uploads\/2022\/06\/banner-blog.jpg","width":1326,"height":103},{"@type":"BreadcrumbList","@id":"https:\/\/artigos.abelacosmetics.com\/curly-trends\/#breadcrumb","itemListElement":[{"@type":"ListItem","position":1,"name":"In\u00edcio","item":"https:\/\/artigos.abelacosmetics.com\/"},{"@type":"ListItem","position":2,"name":"Curly Trends"}]},{"@type":"WebSite","@id":"https:\/\/artigos.abelacosmetics.com\/#website","url":"https:\/\/artigos.abelacosmetics.com\/","name":"Abela Cosmetics","description":"Cuidados para Cabelos \u00danicos","publisher":{"@id":"https:\/\/artigos.abelacosmetics.com\/#organization"},"potentialAction":[{"@type":"SearchAction","target":{"@type":"EntryPoint","urlTemplate":"https:\/\/artigos.abelacosmetics.com\/?s={search_term_string}"},"query-input":{"@type":"PropertyValueSpecification","valueRequired":true,"valueName":"search_term_string"}}],"inLanguage":"en-US"},{"@type":"Organization","@id":"https:\/\/artigos.abelacosmetics.com\/#organization","name":"Abela Cosmetics","url":"https:\/\/artigos.abelacosmetics.com\/","logo":{"@type":"ImageObject","inLanguage":"en-US","@id":"https:\/\/artigos.abelacosmetics.com\/#\/schema\/logo\/image\/","url":"https:\/\/artigos.abelacosmetics.com\/wp-content\/uploads\/2023\/02\/logo-abela.png","contentUrl":"https:\/\/artigos.abelacosmetics.com\/wp-content\/uploads\/2023\/02\/logo-abela.png","width":183,"height":90,"caption":"Abela Cosmetics"},"image":{"@id":"https:\/\/artigos.abelacosmetics.com\/#\/schema\/logo\/image\/"},"sameAs":["https:\/\/www.facebook.com\/abelacosmetics"]}]}},"_links":{"self":[{"href":"https:\/\/artigos.abelacosmetics.com\/en\/wp-json\/wp\/v2\/pages\/268","targetHints":{"allow":["GET"]}}],"collection":[{"href":"https:\/\/artigos.abelacosmetics.com\/en\/wp-json\/wp\/v2\/pages"}],"about":[{"href":"https:\/\/artigos.abelacosmetics.com\/en\/wp-json\/wp\/v2\/types\/page"}],"author":[{"embeddable":true,"href":"https:\/\/artigos.abelacosmetics.com\/en\/wp-json\/wp\/v2\/users\/1"}],"replies":[{"embeddable":true,"href":"https:\/\/artigos.abelacosmetics.com\/en\/wp-json\/wp\/v2\/comments?post=268"}],"version-history":[{"count":32,"href":"https:\/\/artigos.abelacosmetics.com\/en\/wp-json\/wp\/v2\/pages\/268\/revisions"}],"predecessor-version":[{"id":2447,"href":"https:\/\/artigos.abelacosmetics.com\/en\/wp-json\/wp\/v2\/pages\/268\/revisions\/2447"}],"wp:featuredmedia":[{"embeddable":true,"href":"https:\/\/artigos.abelacosmetics.com\/en\/wp-json\/wp\/v2\/media\/624"}],"wp:attachment":[{"href":"https:\/\/artigos.abelacosmetics.com\/en\/wp-json\/wp\/v2\/media?parent=268"}],"curies":[{"name":"wp","href":"https:\/\/api.w.org\/{rel}","templated":true}]}}